{"id":10373,"date":"2026-02-05T16:45:34","date_gmt":"2026-02-05T16:45:34","guid":{"rendered":"https:\/\/lynx.legal\/team\/adrian-fenesan\/"},"modified":"2026-02-25T09:27:48","modified_gmt":"2026-02-25T09:27:48","slug":"adrian-fenesan","status":"publish","type":"team","link":"https:\/\/lynx.legal\/ro\/echipa\/adrian-fenesan\/","title":{"rendered":"Adrian Fene\u0219an"},"content":{"rendered":"\n<p class=\"wp-block-paragraph\">Adrian \u00eendrum\u0103 companiile multina\u021bionale \u0219i \u00eentreprinderile locale pe parcursul \u00eentregului ciclu de via\u021b\u0103 al tranzac\u021biilor corporative. Practica sa acoper\u0103 restructurarea corporativ\u0103, due diligence cuprinz\u0103toare \u0219i integrarea post-\u00eencheiere. Clien\u021bii beneficiaz\u0103 de un consilier care transpune cadrele juridice complexe \u00een solu\u021bii practice, orientate c\u0103tre afaceri. Fluen\u021ba \u00een limbile englez\u0103, german\u0103 \u0219i rom\u00e2n\u0103 permite comunicarea direct\u0103 cu p\u0103r\u021bile interesate din mai multe jurisdic\u021bii, f\u0103r\u0103 intermediari.   <\/p>\n\n<p class=\"wp-block-paragraph\">Cariera sa juridic\u0103 a \u00eenceput cu studii la Facultatea de Drept a Universit\u0103\u021bii din Bucure\u0219ti, unde a ob\u021binut at\u00e2t diploma de licen\u021b\u0103, c\u00e2t \u0219i cea de master. Formarea suplimentar\u0103 la Universitatea Leopold Franzens din Innsbruck, Austria, a ad\u0103ugat o dimensiune central-european\u0103 educa\u021biei sale juridice. Dezvoltarea profesional\u0103 ulterioar\u0103 la Institutul Na\u021bional pentru Preg\u0103tirea \u0219i Perfec\u021bionarea Avoca\u021bilor din Bucure\u0219ti i-a \u00eembun\u0103t\u0103\u021bit abilit\u0103\u021bile practice. Aceast\u0103 combina\u021bie de preg\u0103tire academic\u0103 \u0219i experien\u021b\u0103 practic\u0103 face din Adrian un consilier de \u00eencredere pentru clien\u021bii care caut\u0103 o persoan\u0103 care s\u0103 \u00een\u021beleag\u0103 at\u00e2t cerin\u021bele tehnice, c\u00e2t \u0219i realit\u0103\u021bile comerciale.   <\/p>\n","protected":false},"featured_media":10376,"template":"","meta":{"_acf_changed":false},"locations":[192],"class_list":["post-10373","team","type-team","status-publish","has-post-thumbnail","hentry","locations-romania"],"acf":[],"_links":{"self":[{"href":"https:\/\/lynx.legal\/ro\/wp-json\/wp\/v2\/team\/10373","targetHints":{"allow":["GET"]}}],"collection":[{"href":"https:\/\/lynx.legal\/ro\/wp-json\/wp\/v2\/team"}],"about":[{"href":"https:\/\/lynx.legal\/ro\/wp-json\/wp\/v2\/types\/team"}],"wp:featuredmedia":[{"embeddable":true,"href":"https:\/\/lynx.legal\/ro\/wp-json\/wp\/v2\/media\/10376"}],"wp:attachment":[{"href":"https:\/\/lynx.legal\/ro\/wp-json\/wp\/v2\/media?parent=10373"}],"wp:term":[{"taxonomy":"locations","embeddable":true,"href":"https:\/\/lynx.legal\/ro\/wp-json\/wp\/v2\/locations?post=10373"}],"curies":[{"name":"wp","href":"https:\/\/api.w.org\/{rel}","templated":true}]}}